{"id":69,"date":"2018-07-13T11:30:42","date_gmt":"2018-07-13T11:30:42","guid":{"rendered":"https:\/\/rhombusleisten-montage.de\/?page_id=69"},"modified":"2018-08-01T08:10:16","modified_gmt":"2018-08-01T08:10:16","slug":"holzschutz","status":"publish","type":"page","link":"https:\/\/rhombusleisten-montage.de\/index.php\/holzschutz\/","title":{"rendered":"Holzschutz"},"content":{"rendered":"<div id=\"pl-69\"  class=\"panel-layout\" ><div id=\"pg-69-0\"  class=\"panel-grid panel-no-style\" ><div id=\"pgc-69-0-0\"  class=\"panel-grid-cell panel-grid-cell-empty\" ><\/div><\/div><div id=\"pg-69-1\"  class=\"panel-grid panel-has-style\" ><div class=\"panel-row-style panel-row-style-for-69-1\" ><div id=\"pgc-69-1-0\"  class=\"panel-grid-cell\" ><div id=\"panel-69-1-0-0\" class=\"so-panel widget widget_sow-image panel-first-child panel-last-child\" data-index=\"0\" ><div\n\t\t\t\n\t\t\tclass=\"so-widget-sow-image so-widget-sow-image-default-17bc2272b535-69\"\n\t\t\t\n\t\t>\n\n<div class=\"sow-image-container\">\n\t\t<img decoding=\"async\" src=\"https:\/\/rhombusleisten-montage.de\/wp-content\/uploads\/2018\/08\/KonstruktiverHolzschutz.png\" width=\"250\" height=\"250\" srcset=\"https:\/\/rhombusleisten-montage.de\/wp-content\/uploads\/2018\/08\/KonstruktiverHolzschutz.png 250w, https:\/\/rhombusleisten-montage.de\/wp-content\/uploads\/2018\/08\/KonstruktiverHolzschutz-150x150.png 150w\" sizes=\"(max-width: 250px) 100vw, 250px\" alt=\"Konstruktiver Holzschutz\" loading=\"lazy\" \t\tclass=\"so-widget-image\"\/>\n\t<\/div>\n\n<\/div><\/div><\/div><div id=\"pgc-69-1-1\"  class=\"panel-grid-cell\" ><div id=\"panel-69-1-1-0\" class=\"so-panel widget widget_sow-headline panel-first-child\" data-index=\"1\" ><div class=\"panel-widget-style panel-widget-style-for-69-1-1-0\" ><div\n\t\t\t\n\t\t\tclass=\"so-widget-sow-headline so-widget-sow-headline-default-dadadb06a914-69\"\n\t\t\t\n\t\t><div class=\"sow-headline-container \">\n\t<h2 class='sow-headline'>Konstruktiver Holzschutz<\/h2><\/div><\/div><\/div><\/div><div id=\"panel-69-1-1-1\" class=\"so-panel widget widget_sow-editor panel-last-child\" data-index=\"2\" ><div\n\t\t\t\n\t\t\tclass=\"so-widget-sow-editor so-widget-sow-editor-base\"\n\t\t\t\n\t\t>\n<div class=\"siteorigin-widget-tinymce textwidget\">\n\t<p>Rhombusleisten werden in der Regel horizontal montiert. Bei horizontal montierten Rhombusleisten fliest Wasser schlechter ab als bei vertikal montierten Fassadenverschalungen. F\u00fcr Rhombusleisten k\u00f6nnen folgende konstruktive Holzschutzma\u00dfnahmen ergriffen werden.<\/p>\n<\/div>\n<\/div><\/div><\/div><div id=\"pgc-69-1-2\"  class=\"panel-grid-cell\" ><div id=\"panel-69-1-2-0\" class=\"so-panel widget widget_sow-button panel-first-child panel-last-child\" data-index=\"3\" ><div class=\"panel-widget-style panel-widget-style-for-69-1-2-0\" ><div\n\t\t\t\n\t\t\tclass=\"so-widget-sow-button so-widget-sow-button-wire-d2f9090e2683-69\"\n\t\t\t\n\t\t><div class=\"ow-button-base ow-button-align-center\">\n\t<a href=\"https:\/\/rhombusleisten-montage.de\/index.php\/konstruktiver-holzschutz\/\" class=\"ow-icon-placement-left ow-button-hover\" \t\t>\n\t\t<span>\n\t\t\t\n\t\t\tMehr erfahren\t\t<\/span>\n\t<\/a>\n<\/div>\n<\/div><\/div><\/div><\/div><\/div><\/div><div id=\"pg-69-2\"  class=\"panel-grid panel-has-style\" ><div class=\"panel-row-style panel-row-style-for-69-2\" ><div id=\"pgc-69-2-0\"  class=\"panel-grid-cell\" ><div id=\"panel-69-2-0-0\" class=\"so-panel widget widget_sow-image panel-first-child panel-last-child\" data-index=\"4\" ><div\n\t\t\t\n\t\t\tclass=\"so-widget-sow-image so-widget-sow-image-default-17bc2272b535-69\"\n\t\t\t\n\t\t>\n\n<div class=\"sow-image-container\">\n\t\t<img decoding=\"async\" src=\"https:\/\/rhombusleisten-montage.de\/wp-content\/uploads\/2018\/08\/Lackieren.png\" width=\"250\" height=\"250\" srcset=\"https:\/\/rhombusleisten-montage.de\/wp-content\/uploads\/2018\/08\/Lackieren.png 250w, https:\/\/rhombusleisten-montage.de\/wp-content\/uploads\/2018\/08\/Lackieren-150x150.png 150w\" sizes=\"(max-width: 250px) 100vw, 250px\" alt=\"Lackieren\" loading=\"lazy\" \t\tclass=\"so-widget-image\"\/>\n\t<\/div>\n\n<\/div><\/div><\/div><div id=\"pgc-69-2-1\"  class=\"panel-grid-cell\" ><div id=\"panel-69-2-1-0\" class=\"so-panel widget widget_sow-headline panel-first-child\" data-index=\"5\" ><div class=\"panel-widget-style panel-widget-style-for-69-2-1-0\" ><div\n\t\t\t\n\t\t\tclass=\"so-widget-sow-headline so-widget-sow-headline-default-dadadb06a914-69\"\n\t\t\t\n\t\t><div class=\"sow-headline-container \">\n\t<h2 class='sow-headline'>Lackieren<\/h2><\/div><\/div><\/div><\/div><div id=\"panel-69-2-1-1\" class=\"so-panel widget widget_sow-editor panel-last-child\" data-index=\"6\" ><div\n\t\t\t\n\t\t\tclass=\"so-widget-sow-editor so-widget-sow-editor-base\"\n\t\t\t\n\t\t>\n<div class=\"siteorigin-widget-tinymce textwidget\">\n\t<p>Mit einer Lackierung kann man seine Fassade mit seiner Wunschfarbe versehen und der Lack sch\u00fctzt das Holz vor Witterungseinfl\u00fcssen.\u00a0Bei einer Lackierung ist die Maserung des Holzes nicht mehr so stark sichtbar als bei einer Lasur.<\/p>\n<\/div>\n<\/div><\/div><\/div><div id=\"pgc-69-2-2\"  class=\"panel-grid-cell\" ><div id=\"panel-69-2-2-0\" class=\"so-panel widget widget_sow-button panel-first-child panel-last-child\" data-index=\"7\" ><div class=\"panel-widget-style panel-widget-style-for-69-2-2-0\" ><div\n\t\t\t\n\t\t\tclass=\"so-widget-sow-button so-widget-sow-button-wire-d2f9090e2683-69\"\n\t\t\t\n\t\t><div class=\"ow-button-base ow-button-align-center\">\n\t<a href=\"https:\/\/rhombusleisten-montage.de\/index.php\/lackieren\/\" class=\"ow-icon-placement-left ow-button-hover\" \t\t>\n\t\t<span>\n\t\t\t\n\t\t\tMehr erfahren\t\t<\/span>\n\t<\/a>\n<\/div>\n<\/div><\/div><\/div><\/div><\/div><\/div><div id=\"pg-69-3\"  class=\"panel-grid panel-has-style\" ><div class=\"panel-row-style panel-row-style-for-69-3\" ><div id=\"pgc-69-3-0\"  class=\"panel-grid-cell\" ><div id=\"panel-69-3-0-0\" class=\"so-panel widget widget_sow-image panel-first-child panel-last-child\" data-index=\"8\" ><div\n\t\t\t\n\t\t\tclass=\"so-widget-sow-image so-widget-sow-image-default-17bc2272b535-69\"\n\t\t\t\n\t\t>\n\n<div class=\"sow-image-container\">\n\t\t<img decoding=\"async\" src=\"https:\/\/rhombusleisten-montage.de\/wp-content\/uploads\/2018\/08\/Lasieren.png\" width=\"250\" height=\"250\" srcset=\"https:\/\/rhombusleisten-montage.de\/wp-content\/uploads\/2018\/08\/Lasieren.png 250w, https:\/\/rhombusleisten-montage.de\/wp-content\/uploads\/2018\/08\/Lasieren-150x150.png 150w\" sizes=\"(max-width: 250px) 100vw, 250px\" alt=\"Lasieren\" loading=\"lazy\" \t\tclass=\"so-widget-image\"\/>\n\t<\/div>\n\n<\/div><\/div><\/div><div id=\"pgc-69-3-1\"  class=\"panel-grid-cell\" ><div id=\"panel-69-3-1-0\" class=\"so-panel widget widget_sow-headline panel-first-child\" data-index=\"9\" ><div class=\"panel-widget-style panel-widget-style-for-69-3-1-0\" ><div\n\t\t\t\n\t\t\tclass=\"so-widget-sow-headline so-widget-sow-headline-default-dadadb06a914-69\"\n\t\t\t\n\t\t><div class=\"sow-headline-container \">\n\t<h2 class='sow-headline'>Lasieren<\/h2><\/div><\/div><\/div><\/div><div id=\"panel-69-3-1-1\" class=\"so-panel widget widget_sow-editor panel-last-child\" data-index=\"10\" ><div\n\t\t\t\n\t\t\tclass=\"so-widget-sow-editor so-widget-sow-editor-base\"\n\t\t\t\n\t\t>\n<div class=\"siteorigin-widget-tinymce textwidget\">\n\t<p>Eine Lasur hebt die Maserung des Holzes hervor und sch\u00fctzt das Holz. Im Gegensatz zum Lack verschwindet die Holzoptik nicht.<\/p>\n<\/div>\n<\/div><\/div><\/div><div id=\"pgc-69-3-2\"  class=\"panel-grid-cell\" ><div id=\"panel-69-3-2-0\" class=\"so-panel widget widget_sow-button panel-first-child panel-last-child\" data-index=\"11\" ><div class=\"panel-widget-style panel-widget-style-for-69-3-2-0\" ><div\n\t\t\t\n\t\t\tclass=\"so-widget-sow-button so-widget-sow-button-wire-d2f9090e2683-69\"\n\t\t\t\n\t\t><div class=\"ow-button-base ow-button-align-center\">\n\t<a href=\"https:\/\/rhombusleisten-montage.de\/index.php\/lasieren\/\" class=\"ow-icon-placement-left ow-button-hover\" \t\t>\n\t\t<span>\n\t\t\t\n\t\t\tMehr erfahren\t\t<\/span>\n\t<\/a>\n<\/div>\n<\/div><\/div><\/div><\/div><\/div><\/div><div id=\"pg-69-4\"  class=\"panel-grid panel-has-style\" ><div class=\"panel-row-style panel-row-style-for-69-4\" ><div id=\"pgc-69-4-0\"  class=\"panel-grid-cell\" ><div id=\"panel-69-4-0-0\" class=\"so-panel widget widget_sow-image panel-first-child panel-last-child\" data-index=\"12\" ><div\n\t\t\t\n\t\t\tclass=\"so-widget-sow-image so-widget-sow-image-default-17bc2272b535-69\"\n\t\t\t\n\t\t>\n\n<div class=\"sow-image-container\">\n\t\t<img decoding=\"async\" src=\"https:\/\/rhombusleisten-montage.de\/wp-content\/uploads\/2018\/08\/Naturbelassen.png\" width=\"250\" height=\"250\" srcset=\"https:\/\/rhombusleisten-montage.de\/wp-content\/uploads\/2018\/08\/Naturbelassen.png 250w, https:\/\/rhombusleisten-montage.de\/wp-content\/uploads\/2018\/08\/Naturbelassen-150x150.png 150w\" sizes=\"(max-width: 250px) 100vw, 250px\" alt=\"\" loading=\"lazy\" \t\tclass=\"so-widget-image\"\/>\n\t<\/div>\n\n<\/div><\/div><\/div><div id=\"pgc-69-4-1\"  class=\"panel-grid-cell\" ><div id=\"panel-69-4-1-0\" class=\"so-panel widget widget_sow-headline panel-first-child\" data-index=\"13\" ><div class=\"panel-widget-style panel-widget-style-for-69-4-1-0\" ><div\n\t\t\t\n\t\t\tclass=\"so-widget-sow-headline so-widget-sow-headline-default-dadadb06a914-69\"\n\t\t\t\n\t\t><div class=\"sow-headline-container \">\n\t<h2 class='sow-headline'>Naturbelassen<\/h2><\/div><\/div><\/div><\/div><div id=\"panel-69-4-1-1\" class=\"so-panel widget widget_sow-editor panel-last-child\" data-index=\"14\" ><div\n\t\t\t\n\t\t\tclass=\"so-widget-sow-editor so-widget-sow-editor-base\"\n\t\t\t\n\t\t>\n<div class=\"siteorigin-widget-tinymce textwidget\">\n\t<p>Wer es nat\u00fcrlich will kann seine Fassade in W\u00fcrde altern lassen.\u00a0Fichte und Tanne sind unbehandelt nur unter der Bedingung des optimalen konstruktiven Holzschutzes f\u00fcr den Au\u00dfeneinsatz geeignet.<\/p>\n<\/div>\n<\/div><\/div><\/div><div id=\"pgc-69-4-2\"  class=\"panel-grid-cell\" ><div id=\"panel-69-4-2-0\" class=\"so-panel widget widget_sow-button panel-first-child panel-last-child\" data-index=\"15\" ><div class=\"panel-widget-style panel-widget-style-for-69-4-2-0\" ><div\n\t\t\t\n\t\t\tclass=\"so-widget-sow-button so-widget-sow-button-wire-d2f9090e2683-69\"\n\t\t\t\n\t\t><div class=\"ow-button-base ow-button-align-center\">\n\t<a href=\"https:\/\/rhombusleisten-montage.de\/index.php\/naturbelassen\/\" class=\"ow-icon-placement-left ow-button-hover\" \t\t>\n\t\t<span>\n\t\t\t\n\t\t\tMehr erfahren\t\t<\/span>\n\t<\/a>\n<\/div>\n<\/div><\/div><\/div><\/div><\/div><\/div><div id=\"pg-69-5\"  class=\"panel-grid panel-has-style\" ><div class=\"panel-row-style panel-row-style-for-69-5\" ><div id=\"pgc-69-5-0\"  class=\"panel-grid-cell\" ><div id=\"panel-69-5-0-0\" class=\"so-panel widget widget_sow-image panel-first-child panel-last-child\" data-index=\"16\" ><div\n\t\t\t\n\t\t\tclass=\"so-widget-sow-image so-widget-sow-image-default-17bc2272b535-69\"\n\t\t\t\n\t\t>\n\n<div class=\"sow-image-container\">\n\t\t<img decoding=\"async\" src=\"https:\/\/rhombusleisten-montage.de\/wp-content\/uploads\/2018\/08\/Oelen.png\" width=\"250\" height=\"250\" srcset=\"https:\/\/rhombusleisten-montage.de\/wp-content\/uploads\/2018\/08\/Oelen.png 250w, https:\/\/rhombusleisten-montage.de\/wp-content\/uploads\/2018\/08\/Oelen-150x150.png 150w\" sizes=\"(max-width: 250px) 100vw, 250px\" alt=\"Oelen\" loading=\"lazy\" \t\tclass=\"so-widget-image\"\/>\n\t<\/div>\n\n<\/div><\/div><\/div><div id=\"pgc-69-5-1\"  class=\"panel-grid-cell\" ><div id=\"panel-69-5-1-0\" class=\"so-panel widget widget_sow-headline panel-first-child\" data-index=\"17\" ><div class=\"panel-widget-style panel-widget-style-for-69-5-1-0\" ><div\n\t\t\t\n\t\t\tclass=\"so-widget-sow-headline so-widget-sow-headline-default-dadadb06a914-69\"\n\t\t\t\n\t\t><div class=\"sow-headline-container \">\n\t<h2 class='sow-headline'>\u00d6len<\/h2><\/div><\/div><\/div><\/div><div id=\"panel-69-5-1-1\" class=\"so-panel widget widget_sow-editor panel-last-child\" data-index=\"18\" ><div\n\t\t\t\n\t\t\tclass=\"so-widget-sow-editor so-widget-sow-editor-base\"\n\t\t\t\n\t\t>\n<div class=\"siteorigin-widget-tinymce textwidget\">\n\t<p>Holz\u00f6l hebt die Maserung des Holzes hervor und sch\u00fctzt das Holz.\u00a0Mit dem richtigen \u00d6l k\u00f6nnen die Rhombusleisten sehr gut vor Witterungseinfl\u00fcssen gesch\u00fctzt werden.<\/p>\n<\/div>\n<\/div><\/div><\/div><div id=\"pgc-69-5-2\"  class=\"panel-grid-cell\" ><div id=\"panel-69-5-2-0\" class=\"so-panel widget widget_sow-button panel-first-child panel-last-child\" data-index=\"19\" ><div class=\"panel-widget-style panel-widget-style-for-69-5-2-0\" ><div\n\t\t\t\n\t\t\tclass=\"so-widget-sow-button so-widget-sow-button-wire-d2f9090e2683-69\"\n\t\t\t\n\t\t><div class=\"ow-button-base ow-button-align-center\">\n\t<a href=\"https:\/\/rhombusleisten-montage.de\/index.php\/oelen\/\" class=\"ow-icon-placement-left ow-button-hover\" \t\t>\n\t\t<span>\n\t\t\t\n\t\t\tMehr erfahren\t\t<\/span>\n\t<\/a>\n<\/div>\n<\/div><\/div><\/div><\/div><\/div><\/div><div id=\"pg-69-6\"  class=\"panel-grid panel-has-style\" ><div class=\"panel-row-style panel-row-style-for-69-6\" ><div id=\"pgc-69-6-0\"  class=\"panel-grid-cell\" ><div id=\"panel-69-6-0-0\" class=\"so-panel widget widget_sow-image panel-first-child panel-last-child\" data-index=\"20\" ><div\n\t\t\t\n\t\t\tclass=\"so-widget-sow-image so-widget-sow-image-default-17bc2272b535-69\"\n\t\t\t\n\t\t>\n\n<div class=\"sow-image-container\">\n\t\t<img decoding=\"async\" src=\"https:\/\/rhombusleisten-montage.de\/wp-content\/uploads\/2018\/08\/Verkohlen.png\" width=\"250\" height=\"250\" srcset=\"https:\/\/rhombusleisten-montage.de\/wp-content\/uploads\/2018\/08\/Verkohlen.png 250w, https:\/\/rhombusleisten-montage.de\/wp-content\/uploads\/2018\/08\/Verkohlen-150x150.png 150w\" sizes=\"(max-width: 250px) 100vw, 250px\" alt=\"Verkohlen\" loading=\"lazy\" \t\tclass=\"so-widget-image\"\/>\n\t<\/div>\n\n<\/div><\/div><\/div><div id=\"pgc-69-6-1\"  class=\"panel-grid-cell\" ><div id=\"panel-69-6-1-0\" class=\"so-panel widget widget_sow-headline panel-first-child\" data-index=\"21\" ><div class=\"panel-widget-style panel-widget-style-for-69-6-1-0\" ><div\n\t\t\t\n\t\t\tclass=\"so-widget-sow-headline so-widget-sow-headline-default-dadadb06a914-69\"\n\t\t\t\n\t\t><div class=\"sow-headline-container \">\n\t<h2 class='sow-headline'>Verkohlen<\/h2><\/div><\/div><\/div><\/div><div id=\"panel-69-6-1-1\" class=\"so-panel widget widget_sow-editor panel-last-child\" data-index=\"22\" ><div\n\t\t\t\n\t\t\tclass=\"so-widget-sow-editor so-widget-sow-editor-base\"\n\t\t\t\n\t\t>\n<div class=\"siteorigin-widget-tinymce textwidget\">\n\t<p>Seit vielen hudert Jahren werden Holzoberfl\u00e4chen verkohlt um sie dauerhaft zu sch\u00fctzen. Es wird die obere Holzschicht verbrannt um eine Schutzschicht aus Kohle zu erhalten.<\/p>\n<\/div>\n<\/div><\/div><\/div><div id=\"pgc-69-6-2\"  class=\"panel-grid-cell\" ><div id=\"panel-69-6-2-0\" class=\"so-panel widget widget_sow-button panel-first-child panel-last-child\" data-index=\"23\" ><div class=\"panel-widget-style panel-widget-style-for-69-6-2-0\" ><div\n\t\t\t\n\t\t\tclass=\"so-widget-sow-button so-widget-sow-button-wire-d2f9090e2683-69\"\n\t\t\t\n\t\t><div class=\"ow-button-base ow-button-align-center\">\n\t<a href=\"https:\/\/rhombusleisten-montage.de\/index.php\/verkohlen\/\" class=\"ow-icon-placement-left ow-button-hover\" \t\t>\n\t\t<span>\n\t\t\t\n\t\t\tMehr erfahren\t\t<\/span>\n\t<\/a>\n<\/div>\n<\/div><\/div><\/div><\/div><\/div><\/div><div id=\"pg-69-7\"  class=\"panel-grid panel-has-style\" ><div class=\"panel-row-style panel-row-style-for-69-7\" ><div id=\"pgc-69-7-0\"  class=\"panel-grid-cell\" ><div id=\"panel-69-7-0-0\" class=\"so-panel widget widget_sow-image panel-first-child panel-last-child\" data-index=\"24\" ><div\n\t\t\t\n\t\t\tclass=\"so-widget-sow-image so-widget-sow-image-default-17bc2272b535-69\"\n\t\t\t\n\t\t>\n\n<div class=\"sow-image-container\">\n\t\t<img decoding=\"async\" src=\"https:\/\/rhombusleisten-montage.de\/wp-content\/uploads\/2018\/08\/VorbehandelteLeisten.png\" width=\"250\" height=\"250\" srcset=\"https:\/\/rhombusleisten-montage.de\/wp-content\/uploads\/2018\/08\/VorbehandelteLeisten.png 250w, https:\/\/rhombusleisten-montage.de\/wp-content\/uploads\/2018\/08\/VorbehandelteLeisten-150x150.png 150w\" sizes=\"(max-width: 250px) 100vw, 250px\" alt=\"Vorbehandelte Leisten\" loading=\"lazy\" \t\tclass=\"so-widget-image\"\/>\n\t<\/div>\n\n<\/div><\/div><\/div><div id=\"pgc-69-7-1\"  class=\"panel-grid-cell\" ><div id=\"panel-69-7-1-0\" class=\"so-panel widget widget_sow-headline panel-first-child\" data-index=\"25\" ><div class=\"panel-widget-style panel-widget-style-for-69-7-1-0\" ><div\n\t\t\t\n\t\t\tclass=\"so-widget-sow-headline so-widget-sow-headline-default-dadadb06a914-69\"\n\t\t\t\n\t\t><div class=\"sow-headline-container \">\n\t<h2 class='sow-headline'>Vorbehandelte Leisten<\/h2><\/div><\/div><\/div><\/div><div id=\"panel-69-7-1-1\" class=\"so-panel widget widget_sow-editor panel-last-child\" data-index=\"26\" ><div\n\t\t\t\n\t\t\tclass=\"so-widget-sow-editor so-widget-sow-editor-base\"\n\t\t\t\n\t\t>\n<div class=\"siteorigin-widget-tinymce textwidget\">\n\t<p>Rhombusleisten sind auch vorbehandelt erh\u00e4ltlich. Eine Vorbehandlung wird aus Gr\u00fcnden des Holzschutzes oder um eine gew\u00fcnschte Optik zu erhalten durchgef\u00fchrt.<\/p>\n<\/div>\n<\/div><\/div><\/div><div id=\"pgc-69-7-2\"  class=\"panel-grid-cell\" ><div id=\"panel-69-7-2-0\" class=\"so-panel widget widget_sow-button panel-first-child panel-last-child\" data-index=\"27\" ><div class=\"panel-widget-style panel-widget-style-for-69-7-2-0\" ><div\n\t\t\t\n\t\t\tclass=\"so-widget-sow-button so-widget-sow-button-wire-d2f9090e2683-69\"\n\t\t\t\n\t\t><div class=\"ow-button-base ow-button-align-center\">\n\t<a href=\"https:\/\/rhombusleisten-montage.de\/index.php\/vorbehandelte-leisten\/\" class=\"ow-icon-placement-left ow-button-hover\" \t\t>\n\t\t<span>\n\t\t\t\n\t\t\tMehr erfahren\t\t<\/span>\n\t<\/a>\n<\/div>\n<\/div><\/div><\/div><\/div><\/div><\/div><\/div>","protected":false},"excerpt":{"rendered":"<p>Rhombusleisten werden in der Regel horizontal montiert. Bei horizontal montierten Rhombusleisten fliest Wasser schlechter ab als bei vertikal montierten Fassadenverschalungen. F\u00fcr Rhombusleisten k\u00f6nnen folgende konstruktive Holzschutzma\u00dfnahmen ergriffen werden.<\/p>\n","protected":false},"author":1,"featured_media":0,"parent":0,"menu_order":0,"comment_status":"closed","ping_status":"closed","template":"","meta":{"_monsterinsights_skip_tracking":false,"_monsterinsights_sitenote_active":false,"_monsterinsights_sitenote_note":"","_monsterinsights_sitenote_category":0,"footnotes":""},"aioseo_notices":[],"_links":{"self":[{"href":"https:\/\/rhombusleisten-montage.de\/index.php\/wp-json\/wp\/v2\/pages\/69"}],"collection":[{"href":"https:\/\/rhombusleisten-montage.de\/index.php\/wp-json\/wp\/v2\/pages"}],"about":[{"href":"https:\/\/rhombusleisten-montage.de\/index.php\/wp-json\/wp\/v2\/types\/page"}],"author":[{"embeddable":true,"href":"https:\/\/rhombusleisten-montage.de\/index.php\/wp-json\/wp\/v2\/users\/1"}],"replies":[{"embeddable":true,"href":"https:\/\/rhombusleisten-montage.de\/index.php\/wp-json\/wp\/v2\/comments?post=69"}],"version-history":[{"count":44,"href":"https:\/\/rhombusleisten-montage.de\/index.php\/wp-json\/wp\/v2\/pages\/69\/revisions"}],"predecessor-version":[{"id":1295,"href":"https:\/\/rhombusleisten-montage.de\/index.php\/wp-json\/wp\/v2\/pages\/69\/revisions\/1295"}],"wp:attachment":[{"href":"https:\/\/rhombusleisten-montage.de\/index.php\/wp-json\/wp\/v2\/media?parent=69"}],"curies":[{"name":"wp","href":"https:\/\/api.w.org\/{rel}","templated":true}]}}